{"id":4521,"date":"2019-11-22T11:59:40","date_gmt":"2019-11-22T16:59:40","guid":{"rendered":"https:\/\/soniaisabelle.ca\/?page_id=4521"},"modified":"2026-01-26T20:58:03","modified_gmt":"2026-01-27T01:58:03","slug":"evenements-events","status":"publish","type":"page","link":"https:\/\/soniaisabelle.ca\/en\/evenements-events\/","title":{"rendered":"Events"},"content":{"rendered":"<h2 class=\"wp-block-heading has-text-align-center has-medium-teal-color has-text-color has-link-color has-raleway-font-family has-custom-font wp-elements-ce2dc37223f5161339c5ea7d82004fc0\" style=\"font-family:raleway\">Events<\/h2>\n\n\n\n<h4 class=\"wp-block-heading has-raleway-font-family has-custom-font\" style=\"font-family:raleway\">Upcoming events<\/h4>\n\n\n\n<div class=\"wp-block-columns is-layout-flex wp-container-core-columns-is-layout-f5d41f1c wp-block-columns-is-layout-flex\">\n<div class=\"wp-block-column is-layout-flow wp-block-column-is-layout-flow\">\n<figure class=\"wp-block-image alignright size-full\"><a href=\"https:\/\/staging-dcd6-soniaisabelleartistevisuelle.wpcomstaging.com\/wp-content\/uploads\/2025\/10\/540273182_1348600700606473_7630349436719076713_n-2.jpg\"><img loading=\"lazy\" decoding=\"async\" width=\"774\" height=\"511\" data-attachment-id=\"33908\" data-permalink=\"https:\/\/soniaisabelle.ca\/en\/evenements-events\/540273182_1348600700606473_7630349436719076713_n-3\/\" data-orig-file=\"https:\/\/soniaisabelle.ca\/wp-content\/uploads\/2025\/10\/540273182_1348600700606473_7630349436719076713_n-2.jpg\" data-orig-size=\"774,511\" data-comments-opened=\"1\" data-image-meta=\"{&quot;aperture&quot;:&quot;0&quot;,&quot;credit&quot;:&quot;&quot;,&quot;camera&quot;:&quot;&quot;,&quot;caption&quot;:&quot;&quot;,&quot;created_timestamp&quot;:&quot;0&quot;,&quot;copyright&quot;:&quot;&quot;,&quot;focal_length&quot;:&quot;0&quot;,&quot;iso&quot;:&quot;0&quot;,&quot;shutter_speed&quot;:&quot;0&quot;,&quot;title&quot;:&quot;&quot;,&quot;orientation&quot;:&quot;1&quot;}\" data-image-title=\"540273182_1348600700606473_7630349436719076713_n\" data-image-description=\"\" data-image-caption=\"\" data-large-file=\"https:\/\/soniaisabelle.ca\/wp-content\/uploads\/2025\/10\/540273182_1348600700606473_7630349436719076713_n-2.jpg\" src=\"https:\/\/staging-dcd6-soniaisabelleartistevisuelle.wpcomstaging.com\/wp-content\/uploads\/2025\/10\/540273182_1348600700606473_7630349436719076713_n-2.jpg\" alt=\"\" class=\"wp-image-33908\" style=\"aspect-ratio:1.5146308143763993\" srcset=\"https:\/\/soniaisabelle.ca\/wp-content\/uploads\/2025\/10\/540273182_1348600700606473_7630349436719076713_n-2.jpg 774w, https:\/\/soniaisabelle.ca\/wp-content\/uploads\/2025\/10\/540273182_1348600700606473_7630349436719076713_n-2-300x198.jpg 300w, https:\/\/soniaisabelle.ca\/wp-content\/uploads\/2025\/10\/540273182_1348600700606473_7630349436719076713_n-2-150x99.jpg 150w, https:\/\/soniaisabelle.ca\/wp-content\/uploads\/2025\/10\/540273182_1348600700606473_7630349436719076713_n-2-768x507.jpg 768w, https:\/\/soniaisabelle.ca\/wp-content\/uploads\/2025\/10\/540273182_1348600700606473_7630349436719076713_n-2-18x12.jpg 18w\" sizes=\"auto, (max-width: 774px) 100vw, 774px\" \/><\/a><\/figure>\n<\/div>\n\n\n\n<div class=\"wp-block-column is-layout-flow wp-block-column-is-layout-flow\">\n<p class=\"wp-block-paragraph\">MARCH 20 TO 23, 2026<\/p>\n\n\n\n<h4 class=\"wp-block-heading has-raleway-font-family has-custom-font\" style=\"font-family:raleway\">Marseille \u2013 International Contemporary Art Fair (SIAC)<\/h4>\n\n\n\n<p class=\"wp-block-paragraph\">Chanot Park \u2013 Marseille13008 Marseille<\/p>\n<\/div>\n<\/div>\n\n\n\n<div style=\"height:100px\" aria-hidden=\"true\" class=\"wp-block-spacer\"><\/div>\n\n\n\n<h4 class=\"wp-block-heading has-raleway-font-family has-custom-font\" style=\"font-family:raleway\">Events of 2025<\/h4>\n\n\n\n<div class=\"wp-block-columns is-layout-flex wp-container-core-columns-is-layout-f5d41f1c wp-block-columns-is-layout-flex\">\n<div class=\"wp-block-column is-layout-flow wp-block-column-is-layout-flow\">\n<div class=\"wp-block-jetpack-slideshow aligncenter\" data-autoplay=\"true\" data-delay=\"3\" data-effect=\"slide\" style=\"--aspect-ratio:calc(1944 \/ 1440)\"><div class=\"wp-block-jetpack-slideshow_container swiper\"><ul class=\"wp-block-jetpack-slideshow_swiper-wrapper swiper-wrapper\"><li class=\"wp-block-jetpack-slideshow_slide swiper-slide\"><figure><img loading=\"lazy\" decoding=\"async\" width=\"1944\" height=\"1440\" alt=\"\" class=\"wp-block-jetpack-slideshow_image wp-image-32480\" data-id=\"32480\" data-aspect-ratio=\"1944 \/ 1440\" src=\"https:\/\/staging-dcd6-soniaisabelleartistevisuelle.wpcomstaging.com\/wp-content\/uploads\/2025\/04\/monaco-copie.jpg\" srcset=\"https:\/\/soniaisabelle.ca\/wp-content\/uploads\/2025\/04\/monaco-copie.jpg 1944w, https:\/\/soniaisabelle.ca\/wp-content\/uploads\/2025\/04\/monaco-copie-300x222.jpg 300w, https:\/\/soniaisabelle.ca\/wp-content\/uploads\/2025\/04\/monaco-copie-1024x759.jpg 1024w, https:\/\/soniaisabelle.ca\/wp-content\/uploads\/2025\/04\/monaco-copie-150x111.jpg 150w, https:\/\/soniaisabelle.ca\/wp-content\/uploads\/2025\/04\/monaco-copie-768x569.jpg 768w, https:\/\/soniaisabelle.ca\/wp-content\/uploads\/2025\/04\/monaco-copie-1536x1138.jpg 1536w, https:\/\/soniaisabelle.ca\/wp-content\/uploads\/2025\/04\/monaco-copie-1200x889.jpg 1200w, https:\/\/soniaisabelle.ca\/wp-content\/uploads\/2025\/04\/monaco-copie-980x726.jpg 980w\" sizes=\"(max-width: 1944px) 100vw, 1944px\" \/><\/figure><\/li><li class=\"wp-block-jetpack-slideshow_slide swiper-slide\"><figure><img decoding=\"async\" alt=\"\" class=\"wp-block-jetpack-slideshow_image wp-image-34587\" data-id=\"34587\" data-aspect-ratio=\"2048 \/ 1515\" src=\"https:\/\/staging-dcd6-soniaisabelleartistevisuelle.wpcomstaging.com\/wp-content\/uploads\/2026\/01\/552220815_1196356582534682_8785044726865937768_n.jpg\"\/><\/figure><\/li><li class=\"wp-block-jetpack-slideshow_slide swiper-slide\"><figure><img decoding=\"async\" alt=\"\" class=\"wp-block-jetpack-slideshow_image wp-image-34586\" data-id=\"34586\" data-aspect-ratio=\"2048 \/ 1621\" src=\"https:\/\/staging-dcd6-soniaisabelleartistevisuelle.wpcomstaging.com\/wp-content\/uploads\/2026\/01\/549571340_1194645946039079_4221235729090476445_n.jpg\"\/><\/figure><\/li><\/ul><a class=\"wp-block-jetpack-slideshow_button-prev swiper-button-prev swiper-button-white\" role=\"button\"><\/a><a class=\"wp-block-jetpack-slideshow_button-next swiper-button-next swiper-button-white\" role=\"button\"><\/a><a aria-label=\"Pause Slideshow\" class=\"wp-block-jetpack-slideshow_button-pause\" role=\"button\"><\/a><div class=\"wp-block-jetpack-slideshow_pagination swiper-pagination swiper-pagination-white\"><\/div><\/div><\/div>\n<\/div>\n\n\n\n<div class=\"wp-block-column is-layout-flow wp-block-column-is-layout-flow\">\n<p class=\"wp-block-paragraph\">September 18 to 20, 2025<\/p>\n\n\n\n<h4 class=\"wp-block-heading has-raleway-font-family has-custom-font\" style=\"font-family:raleway\">Monaco \u2013 International Contemporary Art Fair (art3F)<\/h4>\n\n\n\n<p class=\"wp-block-paragraph\">Fontvieille Marquee Avenue des Ligures, 98000 Monaco, Monaco<\/p>\n<\/div>\n<\/div>\n\n\n\n<div style=\"height:100px\" aria-hidden=\"true\" class=\"wp-block-spacer\"><\/div>\n\n\n\n<h4 class=\"wp-block-heading has-raleway-font-family has-custom-font\" style=\"font-family:raleway\">Symposiums and fairs 2025<\/h4>\n\n\n\n<p class=\"wp-block-paragraph\"><em>Symposium Rendez-vous des peintres de Sainte-Flore<\/em> (by file request), Shawinigan, QC<\/p>\n\n\n\n<p class=\"wp-block-paragraph\"><em>Toronto Outdoor Art Fair<\/em> (by application), Toronto, ON (July 2025).<\/p>\n\n\n\n<p class=\"wp-block-paragraph\">Saguenay Lac Saint-Jean International Painting and Sculpture Symposium (call for submissions), Chicoutimi, QC (June 2025)<\/p>\n\n\n\n<p class=\"wp-block-paragraph\">Saint-Eustache Arts Symposium (call for submissions), Saint-Eustache, QC (May 2025)<\/p>\n\n\n\n<p class=\"wp-block-paragraph\"><em>Lecture\/demonstration<\/em>, Cercle des Artistes de l\u2019Ouest de l\u2019\u00eele de Montr\u00e9al (by invitation), Pierrefonds Cultural Center, QC<\/p>\n\n\n\n<p class=\"wp-block-paragraph\"><em>Drummondville Symposium<\/em> (by file request), Drummondville, QC<\/p>\n\n\n\n<p class=\"wp-block-paragraph\"><\/p>\n\n\n\n<figure class=\"wp-block-image size-large\"><a href=\"https:\/\/staging-dcd6-soniaisabelleartistevisuelle.wpcomstaging.com\/wp-content\/uploads\/2026\/01\/IMG_2311.jpg\"><img decoding=\"async\" src=\"https:\/\/staging-dcd6-soniaisabelleartistevisuelle.wpcomstaging.com\/wp-content\/uploads\/2026\/01\/IMG_2311-1024x768.jpg\" alt=\"\" class=\"wp-image-34590\"\/><\/a><figcaption class=\"wp-element-caption\">Keep an eye out for Sonia during your next cultural outing.<\/figcaption><\/figure>\n\n\n\n<div style=\"height:100px\" aria-hidden=\"true\" class=\"wp-block-spacer\"><\/div>\n\n\n\n<h4 class=\"wp-block-heading has-raleway-font-family has-custom-font\" style=\"font-family:raleway\">2024<\/h4>\n\n\n\n<ul class=\"wp-block-list\">\n<li><em>Toronto Outdoor Art Fair<\/em> (by file request), Toronto, ON<\/li>\n\n\n\n<li><em>Drummondville Symposium<\/em> (by file request), Drummondville, QC<\/li>\n\n\n\n<li><em>Cultural mediation<\/em> in 4 art workshops, <em>Workshops on love!<\/em>, La Moisson Women's Center (by invitation), L'\u00cele-Perrot, QC<\/li>\n\n\n\n<li><em>Workshop opening<\/em>, Vaudreuil-Soulanges Arts Route (by call for submissions), Les C\u00e8dres, QC<\/li>\n\n\n\n<li>Lecture\/demonstration, <em>Grand Ch\u00e2teauguay Visual Arts Association<\/em>, Ch\u00e2teauguay.<\/li>\n<\/ul>\n\n\n\n<h4 class=\"wp-block-heading has-raleway-font-family has-custom-font\" style=\"font-family:raleway\">2023<\/h4>\n\n\n\n<ul class=\"wp-block-list\">\n<li>Cultural mediation, Meeting at the Placottoir, <em>Restless brain<\/em>, Soulanges Canal Park, October 23<\/li>\n\n\n\n<li>Symposium <em>Arts festival<\/em> of <em>Salaberry-de-Valleyfield, Salaberry-de-Valleyfield, Qc<\/em><\/li>\n\n\n\n<li>Conference\/demonstration, Traitdartiste Group, Vaudreuil-Dorion<\/li>\n\n\n\n<li>Vaudreuil-Soulanges Arts Route, September 2023<\/li>\n\n\n\n<li>Conference\/demonstration, Valedar Spring Exhibition (honorary chair), Salaberry-de-Valleyfield.<\/li>\n\n\n\n<li>Vaudreuil-Soulanges Regional Museum, school group activities (10 workshops)<\/li>\n\n\n\n<li><em>Creative workshop (self-portrait)<\/em>, Maison F\u00e9lix-Leclerc, Vaudreuil-Soulanges<\/li>\n\n\n\n<li><em>Museum mediator<\/em>Spring Exhibition, Vaudreuil-Soulanges Regional Museum, Vaudreuil-Dorion, QC<\/li>\n<\/ul>\n\n\n\n<h4 class=\"wp-block-heading has-raleway-font-family has-custom-font\" style=\"font-family:raleway\">2022<\/h4>\n\n\n\n<ul class=\"wp-block-list\">\n<li><em>23 levers<\/em>, Regional County Municipality (RCM) of Vaudreuil-Soulanges (meeting with the 23 mayors who inspired the creation of a work of art)<\/li>\n\n\n\n<li><em>Reconnection mission<\/em>, Municipalities of Les C\u00e8dres, Saint-Clet, and Cuillerrier and Marguerite-Bourgeoy schools, Quebec (September to December)<\/li>\n\n\n\n<li>Vaudreuil-Soulanges Arts Route, September 2022<\/li>\n<\/ul>\n\n\n\n<h4 class=\"wp-block-heading has-raleway-font-family has-custom-font\" style=\"font-family:raleway\">2021<\/h4>\n\n\n\n<ul class=\"wp-block-list\">\n<li><em>Postal ar<\/em>Hymne-au-printemps Elementary School, Trois-Lacs School Board.<\/li>\n\n\n\n<li><em>An image of my pain<\/em>, La Moisson Women's Center, Vaudreuil-Soulanges.<\/li>\n<\/ul>\n\n\n\n<h4 class=\"wp-block-heading has-raleway-font-family has-custom-font\" style=\"font-family:raleway\">2020<\/h4>\n\n\n\n<ul class=\"wp-block-list\">\n<li>Tour of artists' studios in Hudson and the surrounding area (selected by a peer committee), as part of Culture Days.<\/li>\n<\/ul>\n\n\n\n<h4 class=\"wp-block-heading has-raleway-font-family has-custom-font\" style=\"font-family:raleway\">2019<\/h4>\n\n\n\n<ul class=\"wp-block-list\">\n<li>Drawing workshop, Cultural outreach project as part of the exhibition <em>Unicit\u00e9<\/em>, Vaudreuil-Soulanges, Qc<\/li>\n<\/ul>\n\n\n\n<p class=\"wp-block-paragraph\"><\/p>","protected":false},"excerpt":{"rendered":"<p>\u00c9v\u00e9nements \u00c9v\u00e9nements \u00e0 venir 20 AU 23 MARS 2026 Marseille &#8211; Salon international de l&rsquo;art contemporain (SIAC) Parc Chanot \u2013 Marseille13008 Marseille \u00c9v\u00e9nements de 2025 18 au 20 septembre 2025 Monaco &#8211; Salon international de l&rsquo;art contenporain (art3F) Chapiteau de Fontvieille Avenue des Ligures, 98000 Monaco, Monaco Symposiums et foires 2025 Symposium Rendez-vous des peintres [&hellip;]<\/p>\n","protected":false},"author":121178102,"featured_media":36854,"parent":0,"menu_order":0,"comment_status":"closed","ping_status":"closed","template":"","meta":{"_coblocks_attr":"","_coblocks_dimensions":"","_coblocks_responsive_height":"","_coblocks_accordion_ie_support":"","_crdt_document":"","advanced_seo_description":"","jetpack_seo_html_title":"","jetpack_seo_noindex":false,"footnotes":""},"class_list":["post-4521","page","type-page","status-publish","has-post-thumbnail","hentry"],"jetpack_sharing_enabled":true,"_links":{"self":[{"href":"https:\/\/soniaisabelle.ca\/en\/wp-json\/wp\/v2\/pages\/4521","targetHints":{"allow":["GET"]}}],"collection":[{"href":"https:\/\/soniaisabelle.ca\/en\/wp-json\/wp\/v2\/pages"}],"about":[{"href":"https:\/\/soniaisabelle.ca\/en\/wp-json\/wp\/v2\/types\/page"}],"author":[{"embeddable":true,"href":"https:\/\/soniaisabelle.ca\/en\/wp-json\/wp\/v2\/users\/121178102"}],"replies":[{"embeddable":true,"href":"https:\/\/soniaisabelle.ca\/en\/wp-json\/wp\/v2\/comments?post=4521"}],"version-history":[{"count":44,"href":"https:\/\/soniaisabelle.ca\/en\/wp-json\/wp\/v2\/pages\/4521\/revisions"}],"predecessor-version":[{"id":36889,"href":"https:\/\/soniaisabelle.ca\/en\/wp-json\/wp\/v2\/pages\/4521\/revisions\/36889"}],"wp:featuredmedia":[{"embeddable":true,"href":"https:\/\/soniaisabelle.ca\/en\/wp-json\/wp\/v2\/media\/36854"}],"wp:attachment":[{"href":"https:\/\/soniaisabelle.ca\/en\/wp-json\/wp\/v2\/media?parent=4521"}],"curies":[{"name":"wp","href":"https:\/\/api.w.org\/{rel}","templated":true}]}}